{"id":73,"date":"2015-12-08T18:30:20","date_gmt":"2015-12-08T17:30:20","guid":{"rendered":"http:\/\/www.designfix.de\/?page_id=73"},"modified":"2024-10-24T06:40:52","modified_gmt":"2024-10-24T05:40:52","slug":"messe","status":"publish","type":"page","link":"https:\/\/www.designfix.de\/de\/blogfix\/messe\/","title":{"rendered":"Messe"},"content":{"rendered":"<p>[et_pb_section bb_built=&#8220;1&#8243; admin_label=&#8220;Sektion&#8220; fullwidth=&#8220;on&#8220; specialty=&#8220;off&#8220; next_background_color=&#8220;#000000&#8243; inner_width=&#8220;auto&#8220; inner_max_width=&#8220;1080px&#8220;][et_pb_fullwidth_image admin_label=&#8220;Header Bridge&#8220; global_module=&#8220;219&#8243; src=&#8220;https:\/\/www.designfix.de\/wp-content\/uploads\/2015\/12\/DesignFiX-HeaderBridge.jpg&#8220; show_in_lightbox=&#8220;off&#8220; url_new_window=&#8220;off&#8220; animation=&#8220;top&#8220; use_border_color=&#8220;off&#8220; border_color=&#8220;#ffffff&#8220; border_style=&#8220;solid&#8220; saved_tabs=&#8220;all&#8220; parent_locked=&#8220;off&#8220; animation_style=&#8220;slide&#8220; animation_duration=&#8220;500ms&#8220; animation_intensity_slide=&#8220;10%&#8220; animation_direction=&#8220;top&#8220; \/][\/et_pb_section][et_pb_section bb_built=&#8220;1&#8243; admin_label=&#8220;Sektion Fastener Fair&#8220; fullwidth=&#8220;off&#8220; specialty=&#8220;on&#8220; transparent_background=&#8220;off&#8220; allow_player_pause=&#8220;off&#8220; inner_shadow=&#8220;off&#8220; parallax=&#8220;off&#8220; parallax_method=&#8220;on&#8220; make_fullwidth=&#8220;off&#8220; use_custom_width=&#8220;off&#8220; width_unit=&#8220;on&#8220; make_equal=&#8220;off&#8220; use_custom_gutter=&#8220;off&#8220; parallax_1=&#8220;off&#8220; parallax_method_1=&#8220;off&#8220; parallax_2=&#8220;off&#8220; parallax_method_2=&#8220;off&#8220; prev_background_color=&#8220;#ffffff&#8220; next_background_color=&#8220;#ffffff&#8220; disabled_on=&#8220;on|on|on&#8220; disabled=&#8220;on&#8220; inner_width=&#8220;auto&#8220; inner_max_width=&#8220;1080px&#8220;][et_pb_column type=&#8220;1_3&#8243;][et_pb_image admin_label=&#8220;Bild Fastener Fair Stuttgart&#8220; src=&#8220;https:\/\/www.designfix.de\/wp-content\/uploads\/2019\/02\/FFS_2019_300x250.png&#8220; url_new_window=&#8220;on&#8220; use_border_color=&#8220;off&#8220; url=&#8220;http:\/\/www.fastenerfair.com\/stuttgart\/2019\/deutsch\/event\/about-fastener-fair-stuttgart\/&#8220; animation_style=&#8220;slide&#8220; animation_duration=&#8220;500ms&#8220; animation_intensity_slide=&#8220;10%&#8220; animation_direction=&#8220;left&#8220; _builder_version=&#8220;3.19.14&#8243; \/][\/et_pb_column][et_pb_column type=&#8220;2_3&#8243; specialty_columns=&#8220;2&#8243;][et_pb_row_inner admin_label=&#8220;Zeile&#8220;][et_pb_column_inner type=&#8220;4_4&#8243; saved_specialty_column_type=&#8220;2_3&#8243; saved_specialty_column_type=&#8220;2_3&#8243;][et_pb_countdown_timer admin_label=&#8220;Countdown-Timer Start Messe Stgt.&#8220; title=&#8220;Fastener Fair Stuttgart 19. bis 21. M\u00e4rz 2019&#8243; date_time=&#8220;2019-03-19 09:00&#8243; background_layout=&#8220;dark&#8220; use_background_color=&#8220;on&#8220; background_color=&#8220;#0c71c3&#8243; header_font_size=&#8220;32&#8243; _builder_version=&#8220;3.19.18&#8243; \/][\/et_pb_column_inner][\/et_pb_row_inner][et_pb_row_inner admin_label=&#8220;Zeile&#8220; custom_padding=&#8220;0px|||&#8220; padding_mobile=&#8220;off&#8220; use_custom_gutter=&#8220;off&#8220; gutter_width=&#8220;3&#8243; column_padding_mobile=&#8220;on&#8220; make_equal=&#8220;off&#8220; parallax_1=&#8220;off&#8220; parallax_method_1=&#8220;off&#8220; parallax_2=&#8220;off&#8220; parallax_method_2=&#8220;off&#8220;][et_pb_column_inner type=&#8220;1_2&#8243; saved_specialty_column_type=&#8220;2_3&#8243; saved_specialty_column_type=&#8220;2_3&#8243;][et_pb_text background_layout=&#8220;light&#8220; use_border_color=&#8220;off&#8220; _builder_version=&#8220;3.0.101&#8243;]<\/p>\n<h2>\u00dcber die Messe<\/h2>\n<p style=\"text-align: justify;\">Die weltweite Nachfrage nach Befestigungselementen steigt kontinuierlich, getrieben von der starken Weltwirtschaft und konstantem Wachstum insbesondere in der Baubranche, der Luft- und Raumfahrt, der Automobilindustrie und dem Haushaltswaren-Sektor. Durch die breitgef\u00e4cherten und vielseitigen Anwendungsbereiche von Verbindungs- und Befestigungselementen ergeben sich neue Wachstumschancen f\u00fcr Hersteller und Zulieferer dieser Technologien. Mit den sich st\u00e4ndig \u00e4ndernden Anforderungen und neuen Entwicklungen in verschiedenen Branchen, wie beispielsweise im Leichtbau, er\u00f6ffnen sich neue Gesch\u00e4ftsm\u00f6glichkeiten f\u00fcr die Zukunft.<\/p>\n<p>[\/et_pb_text][\/et_pb_column_inner][et_pb_column_inner type=&#8220;1_2&#8243; saved_specialty_column_type=&#8220;2_3&#8243; saved_specialty_column_type=&#8220;2_3&#8243;][et_pb_text background_layout=&#8220;light&#8220; use_border_color=&#8220;off&#8220; _builder_version=&#8220;3.0.101&#8243;]<\/p>\n<p style=\"text-align: justify;\">Die 8. Fastener Fair Stuttgart ist daher die ideale Plattform f\u00fcr Hersteller, Gro\u00dfh\u00e4ndler, Anbieter und Zulieferer von Verbindungs- und Befestigungstechnologien. Hier haben Sie die M\u00f6glichkeit, mit einem spezifischen Fachpublikum bestehend aus Anbietern, Lieferanten, Ingenieuren und vielen weiteren Experten aus unterschiedlichen Industriesektoren Kontakt aufzunehmen. Als Aussteller auf der Fastener Fair Stuttgart k\u00f6nnen Sie bestehende und potenzielle Kunden treffen, Fachwissen austauschen, sich vernetzen und \u00fcber die neuesten Branchentrends informieren. Mit kontinuierlich steigenden Besucherzahlen ist die Fastener Fair Stuttgart Haupttreffpunkt und die wichtigste Veranstaltung f\u00fcr die Verbindungs- und Befestigungsbranche.<\/p>\n<p>[\/et_pb_text][\/et_pb_column_inner][\/et_pb_row_inner][\/et_pb_column][\/et_pb_section][et_pb_section bb_built=&#8220;1&#8243; admin_label=&#8220;Sektion Fastener Fair&#8220; fullwidth=&#8220;off&#8220; specialty=&#8220;on&#8220; transparent_background=&#8220;off&#8220; allow_player_pause=&#8220;off&#8220; inner_shadow=&#8220;off&#8220; parallax=&#8220;off&#8220; parallax_method=&#8220;on&#8220; make_fullwidth=&#8220;off&#8220; use_custom_width=&#8220;off&#8220; width_unit=&#8220;on&#8220; make_equal=&#8220;off&#8220; use_custom_gutter=&#8220;off&#8220; parallax_1=&#8220;off&#8220; parallax_method_1=&#8220;off&#8220; parallax_2=&#8220;off&#8220; parallax_method_2=&#8220;off&#8220; prev_background_color=&#8220;#ffffff&#8220; next_background_color=&#8220;rgba(255,255,255,0)&#8220; inner_width=&#8220;auto&#8220; inner_max_width=&#8220;1080px&#8220; disabled_on=&#8220;on|on|on&#8220; disabled=&#8220;on&#8220;][et_pb_column type=&#8220;1_3&#8243;][et_pb_image admin_label=&#8220;Bild EISENWARENMESSE&#8220; src=&#8220;https:\/\/www.designfix.de\/wp-content\/uploads\/2015\/12\/IEWMK.jpg&#8220; show_in_lightbox=&#8220;off&#8220; url_new_window=&#8220;on&#8220; animation=&#8220;left&#8220; sticky=&#8220;off&#8220; align=&#8220;left&#8220; force_fullwidth=&#8220;off&#8220; always_center_on_mobile=&#8220;on&#8220; use_border_color=&#8220;off&#8220; border_color=&#8220;#ffffff&#8220; border_style=&#8220;solid&#8220; url=&#8220;http:\/\/www.eisenwarenmesse.de\/&#8220; use_overlay=&#8220;off&#8220; animation_style=&#8220;slide&#8220; animation_duration=&#8220;500ms&#8220; animation_intensity_slide=&#8220;10%&#8220; animation_direction=&#8220;left&#8220; show_bottom_space=&#8220;on&#8220; disabled_on=&#8220;off|off|off&#8220; disabled=&#8220;off&#8220; align_last_edited=&#8220;on|desktop&#8220; align_tablet=&#8220;center&#8220; \/][\/et_pb_column][et_pb_column type=&#8220;2_3&#8243; specialty_columns=&#8220;2&#8243;][et_pb_row_inner admin_label=&#8220;Zeile&#8220;][et_pb_column_inner type=&#8220;4_4&#8243; saved_specialty_column_type=&#8220;2_3&#8243; custom_padding__hover=&#8220;|||&#8220; custom_padding=&#8220;|||&#8220; saved_specialty_column_type=&#8220;2_3&#8243;][et_pb_countdown_timer admin_label=&#8220;Countdown-Timer EISENWARENMESSE&#8220; title=&#8220;EISENWARENMESSE 1. bis 3. M\u00e4rz 2020&#8243; date_time=&#8220;2020-03-01 09:00&#8243; use_background_color=&#8220;off&#8220; header_font_size=&#8220;32&#8243; background_image=&#8220;https:\/\/www.designfix.de\/wp-content\/uploads\/2015\/12\/geometic-bkg-blue.jpg&#8220; disabled_on=&#8220;off|off|off&#8220; disabled=&#8220;off&#8220; background_position=&#8220;top_left&#8220; background_repeat=&#8220;repeat&#8220; background_size=&#8220;initial&#8220; _builder_version=&#8220;3.21.1&#8243; z_index_tablet=&#8220;500&#8243; \/][\/et_pb_column_inner][\/et_pb_row_inner][et_pb_row_inner admin_label=&#8220;Zeile&#8220; custom_padding=&#8220;0px|||&#8220; padding_mobile=&#8220;off&#8220; use_custom_gutter=&#8220;off&#8220; gutter_width=&#8220;3&#8243; column_padding_mobile=&#8220;on&#8220; make_equal=&#8220;off&#8220;][et_pb_column_inner type=&#8220;1_2&#8243; saved_specialty_column_type=&#8220;2_3&#8243; custom_padding__hover=&#8220;|||&#8220; custom_padding=&#8220;|||&#8220; parallax_method=&#8220;off&#8220; saved_specialty_column_type=&#8220;2_3&#8243;][et_pb_text admin_label=&#8220;Text K\u00f6ln&#8220; use_border_color=&#8220;off&#8220; disabled_on=&#8220;off|off|off&#8220; disabled=&#8220;off&#8220; _builder_version=&#8220;3.21.1&#8243; z_index_tablet=&#8220;500&#8243; text_orientation=&#8220;left&#8220;]<\/p>\n<h2>Die Messe<\/h2>\n<p>Entscheider aus aller Welt nutzten die Nummer 1 der Hartwarenbranche, um die Neuheiten, Innovationen und Trends aus den Bereichen Werkzeugen, Befestigungs- und Verbindungstechnik bis hin zum Bau- und Heimwerker-Bedarf zu entdecken.<\/p>\n<p>[\/et_pb_text][\/et_pb_column_inner][et_pb_column_inner type=&#8220;1_2&#8243; saved_specialty_column_type=&#8220;2_3&#8243; custom_padding__hover=&#8220;|||&#8220; custom_padding=&#8220;|||&#8220; parallax_method=&#8220;off&#8220; saved_specialty_column_type=&#8220;2_3&#8243;][et_pb_text admin_label=&#8220;Text Adresse K\u00f6ln&#8220; use_border_color=&#8220;off&#8220; disabled_on=&#8220;off|off|off&#8220; disabled=&#8220;off&#8220; _builder_version=&#8220;3.21.1&#8243; z_index_tablet=&#8220;500&#8243; text_orientation=&#8220;left&#8220;]<\/p>\n<h2>Veranstaltungsort<\/h2>\n<p>Koelnmesse<br \/>50679 K\u00f6ln<br \/><a href=\"http:\/\/www.eisenwarenmesse.de\/IEM\/Anreise-und-Aufenthalt\/index.php\" target=\"_blank\" rel=\"noopener noreferrer\">Anreise<\/a><\/p>\n<p>[\/et_pb_text][\/et_pb_column_inner][\/et_pb_row_inner][\/et_pb_column][\/et_pb_section][et_pb_section bb_built=&#8220;1&#8243; admin_label=&#8220;section&#8220; inner_shadow=&#8220;off&#8220; parallax=&#8220;on&#8220; background_color=&#8220;rgba(255,255,255,0)&#8220; background_image=&#8220;https:\/\/www.designfix.de\/wp-content\/uploads\/2015\/12\/geometic-bkg-blue.jpg&#8220; transparent_background=&#8220;on&#8220; allow_player_pause=&#8220;off&#8220; parallax_method=&#8220;off&#8220; padding_mobile=&#8220;off&#8220; make_fullwidth=&#8220;off&#8220; use_custom_width=&#8220;off&#8220; width_unit=&#8220;on&#8220; make_equal=&#8220;off&#8220; use_custom_gutter=&#8220;off&#8220; custom_padding=&#8220;||0px|&#8220; custom_padding_tablet=&#8220;50px|0|50px|0&#8243; custom_padding_last_edited=&#8220;on|desktop&#8220; prev_background_color=&#8220;#ffffff&#8220; next_background_color=&#8220;rgba(255,255,255,0)&#8220; inner_width=&#8220;auto&#8220; inner_max_width=&#8220;1080px&#8220;][et_pb_row admin_label=&#8220;row&#8220; background_position=&#8220;top_left&#8220; background_repeat=&#8220;repeat&#8220; background_size=&#8220;initial&#8220; width=&#8220;80%&#8220; max_width=&#8220;1080px&#8220;][et_pb_column type=&#8220;1_4&#8243; custom_padding__hover=&#8220;|||&#8220; custom_padding=&#8220;|||&#8220;][et_pb_image admin_label=&#8220;Bild Fastener Fair 2019&#8243; src=&#8220;https:\/\/www.designfix.de\/wp-content\/uploads\/2019\/02\/FFS_2019_300x250.png&#8220; url_new_window=&#8220;on&#8220; animation=&#8220;left&#8220; sticky=&#8220;off&#8220; use_border_color=&#8220;off&#8220; border_color=&#8220;#ffffff&#8220; border_style=&#8220;solid&#8220; url=&#8220;http:\/\/www.fastenerfair.com\/stuttgart\/deutsch\/&#8220; max_width=&#8220;165px&#8220; animation_style=&#8220;slide&#8220; animation_duration=&#8220;500ms&#8220; animation_intensity_slide=&#8220;10%&#8220; animation_direction=&#8220;left&#8220; _builder_version=&#8220;3.19.18&#8243; align_last_edited=&#8220;on|desktop&#8220; align_tablet=&#8220;center&#8220; \/][\/et_pb_column][et_pb_column type=&#8220;3_4&#8243; custom_padding__hover=&#8220;|||&#8220; custom_padding=&#8220;|||&#8220;][et_pb_cta admin_label=&#8220;Call To Action &#8211; 2019 March, Fastener Fair Stuttgart&#8220; background_color=&#8220;#2caaca&#8220; use_background_color=&#8220;off&#8220; text_orientation=&#8220;left&#8220; url_new_window=&#8220;on&#8220; use_border_color=&#8220;off&#8220; border_color=&#8220;#ffffff&#8220; border_style=&#8220;solid&#8220; button_letter_spacing_hover=&#8220;0&#8243; title=&#8220;2019 M\u00e4rz, Fastener Fair Stuttgart, Halle 3, Stand 1804&#8243; button_url=&#8220;\/de\/kundenmeinungen\/&#8220; button_text=&#8220;Kundenmeinungen&#8220; background_position=&#8220;top_left&#8220; background_repeat=&#8220;repeat&#8220; background_size=&#8220;initial&#8220; button_text_size__hover_enabled=&#8220;off&#8220; button_text_size__hover=&#8220;null&#8220; button_one_text_size__hover_enabled=&#8220;off&#8220; button_one_text_size__hover=&#8220;null&#8220; button_two_text_size__hover_enabled=&#8220;off&#8220; button_two_text_size__hover=&#8220;null&#8220; button_text_color__hover_enabled=&#8220;off&#8220; button_text_color__hover=&#8220;null&#8220; button_one_text_color__hover_enabled=&#8220;off&#8220; button_one_text_color__hover=&#8220;null&#8220; button_two_text_color__hover_enabled=&#8220;off&#8220; button_two_text_color__hover=&#8220;null&#8220; button_border_width__hover_enabled=&#8220;off&#8220; button_border_width__hover=&#8220;null&#8220; button_one_border_width__hover_enabled=&#8220;off&#8220; button_one_border_width__hover=&#8220;null&#8220; button_two_border_width__hover_enabled=&#8220;off&#8220; button_two_border_width__hover=&#8220;null&#8220; button_border_color__hover_enabled=&#8220;off&#8220; button_border_color__hover=&#8220;null&#8220; button_one_border_color__hover_enabled=&#8220;off&#8220; button_one_border_color__hover=&#8220;null&#8220; button_two_border_color__hover_enabled=&#8220;off&#8220; button_two_border_color__hover=&#8220;null&#8220; button_border_radius__hover_enabled=&#8220;off&#8220; button_border_radius__hover=&#8220;null&#8220; button_one_border_radius__hover_enabled=&#8220;off&#8220; button_one_border_radius__hover=&#8220;null&#8220; button_two_border_radius__hover_enabled=&#8220;off&#8220; button_two_border_radius__hover=&#8220;null&#8220; button_letter_spacing__hover_enabled=&#8220;on&#8220; button_letter_spacing__hover=&#8220;0&#8243; button_one_letter_spacing__hover_enabled=&#8220;off&#8220; button_one_letter_spacing__hover=&#8220;null&#8220; button_two_letter_spacing__hover_enabled=&#8220;off&#8220; button_two_letter_spacing__hover=&#8220;null&#8220; button_bg_color__hover_enabled=&#8220;off&#8220; button_bg_color__hover=&#8220;null&#8220; button_one_bg_color__hover_enabled=&#8220;off&#8220; button_one_bg_color__hover=&#8220;null&#8220; button_two_bg_color__hover_enabled=&#8220;off&#8220; button_two_bg_color__hover=&#8220;null&#8220; _builder_version=&#8220;3.19.18&#8243;]<\/p>\n<p>Die 8. Internationale Fachmesse der Verbindungs- und Befestigungsbranche findet vom 19. &#8211; 21. M\u00e4rz 2019 in den Hallen 1, 3 und 5 des Messegel\u00e4ndes in Stuttgart statt. Als weltweite Leitmesse der Verbindungs- und Befestigungsbranche ist die Fastener Fair Stuttgart 2019 wieder die zentrale Anlaufstelle f\u00fcr alle Branchenprofis. Rund 900 Aussteller aus 40 L\u00e4ndern pr\u00e4sentieren in Stuttgart ein umfassendes Angebot an Verbindungs- und Befestigungstechnologien.<\/p>\n<p>[\/et_pb_cta][\/et_pb_column][\/et_pb_row][\/et_pb_section][et_pb_section bb_built=&#8220;1&#8243; admin_label=&#8220;section&#8220; inner_shadow=&#8220;off&#8220; parallax=&#8220;off&#8220; background_color=&#8220;rgba(255,255,255,0)&#8220; transparent_background=&#8220;on&#8220; allow_player_pause=&#8220;off&#8220; parallax_method=&#8220;off&#8220; padding_mobile=&#8220;off&#8220; make_fullwidth=&#8220;off&#8220; use_custom_width=&#8220;off&#8220; width_unit=&#8220;on&#8220; make_equal=&#8220;off&#8220; use_custom_gutter=&#8220;off&#8220; gutter_width=&#8220;3&#8243; custom_padding_tablet=&#8220;50px|0|50px|0&#8243; custom_padding_last_edited=&#8220;on|desktop&#8220; prev_background_color=&#8220;#000000&#8243; next_background_color=&#8220;#000000&#8243; inner_width=&#8220;auto&#8220; inner_max_width=&#8220;1080px&#8220;][et_pb_row admin_label=&#8220;Zeile&#8220; background_position=&#8220;top_left&#8220; background_repeat=&#8220;repeat&#8220; background_size=&#8220;initial&#8220; width=&#8220;80%&#8220; max_width=&#8220;1080px&#8220;][et_pb_column type=&#8220;4_4&#8243; custom_padding__hover=&#8220;|||&#8220; custom_padding=&#8220;|||&#8220;][et_pb_image admin_label=&#8220;Bild 2019&#8243; src=&#8220;https:\/\/www.designfix.de\/wp-content\/uploads\/2019\/03\/FastenerFair-2019-DesignFiX.png&#8220; show_in_lightbox=&#8220;on&#8220; animation=&#8220;left&#8220; sticky=&#8220;off&#8220; use_border_color=&#8220;off&#8220; border_color=&#8220;#ffffff&#8220; border_style=&#8220;solid&#8220; animation_style=&#8220;slide&#8220; animation_duration=&#8220;500ms&#8220; animation_intensity_slide=&#8220;10%&#8220; animation_direction=&#8220;left&#8220; _builder_version=&#8220;3.19.18&#8243; alt=&#8220;DesignFiX &#8211; Fastener Fair Stuttgart 2019&#8243; title_text=&#8220;DesignFiX &#8211; Fastener Fair Stuttgart 2019&#8243; align_last_edited=&#8220;on|desktop&#8220; align_tablet=&#8220;center&#8220; \/][et_pb_image admin_label=&#8220;Bild 2019&#8243; src=&#8220;https:\/\/www.designfix.de\/wp-content\/uploads\/2019\/03\/20190319_093601.jpg&#8220; show_in_lightbox=&#8220;on&#8220; animation=&#8220;left&#8220; sticky=&#8220;off&#8220; use_border_color=&#8220;off&#8220; border_color=&#8220;#ffffff&#8220; border_style=&#8220;solid&#8220; animation_duration=&#8220;500ms&#8220; animation_intensity_slide=&#8220;10%&#8220; animation_direction=&#8220;left&#8220; _builder_version=&#8220;3.21.1&#8243; alt=&#8220;DesignFiX &#8211; Fastener Fair Stuttgart 2019&#8243; title_text=&#8220;DesignFiX &#8211; Fastener Fair Stuttgart 2019&#8243; z_index_tablet=&#8220;500&#8243; align_last_edited=&#8220;on|desktop&#8220; align_tablet=&#8220;center&#8220; \/][\/et_pb_column][\/et_pb_row][et_pb_row][et_pb_column type=&#8220;1_3&#8243; custom_padding__hover=&#8220;|||&#8220; custom_padding=&#8220;|||&#8220;][et_pb_image admin_label=&#8220;Bild 2019&#8243; src=&#8220;https:\/\/www.designfix.de\/wp-content\/uploads\/2019\/03\/20190319_083736.jpg&#8220; show_in_lightbox=&#8220;on&#8220; animation=&#8220;left&#8220; sticky=&#8220;off&#8220; use_border_color=&#8220;off&#8220; border_color=&#8220;#ffffff&#8220; border_style=&#8220;solid&#8220; animation_duration=&#8220;500ms&#8220; animation_intensity_slide=&#8220;10%&#8220; animation_direction=&#8220;left&#8220; _builder_version=&#8220;3.21.1&#8243; alt=&#8220;DesignFiX &#8211; Fastener Fair Stuttgart 2019&#8243; title_text=&#8220;DesignFiX &#8211; Fastener Fair Stuttgart 2019&#8243; z_index_tablet=&#8220;500&#8243; align_last_edited=&#8220;on|desktop&#8220; align_tablet=&#8220;center&#8220; \/][et_pb_image admin_label=&#8220;Bild 2019&#8243; src=&#8220;https:\/\/www.designfix.de\/wp-content\/uploads\/2019\/03\/20190321_133751.jpg&#8220; show_in_lightbox=&#8220;on&#8220; animation=&#8220;left&#8220; sticky=&#8220;off&#8220; use_border_color=&#8220;off&#8220; border_color=&#8220;#ffffff&#8220; border_style=&#8220;solid&#8220; animation_duration=&#8220;500ms&#8220; animation_intensity_slide=&#8220;10%&#8220; animation_direction=&#8220;left&#8220; _builder_version=&#8220;3.21.1&#8243; alt=&#8220;DesignFiX &#8211; Fastener Fair Stuttgart 2019&#8243; title_text=&#8220;DesignFiX &#8211; Fastener Fair Stuttgart 2019&#8243; z_index_tablet=&#8220;500&#8243; align_last_edited=&#8220;on|desktop&#8220; align_tablet=&#8220;center&#8220; \/][\/et_pb_column][et_pb_column type=&#8220;1_3&#8243; custom_padding__hover=&#8220;|||&#8220; custom_padding=&#8220;|||&#8220;][et_pb_image admin_label=&#8220;Bild 2019&#8243; src=&#8220;https:\/\/www.designfix.de\/wp-content\/uploads\/2019\/03\/DSC_1827.jpg&#8220; show_in_lightbox=&#8220;on&#8220; animation=&#8220;left&#8220; sticky=&#8220;off&#8220; use_border_color=&#8220;off&#8220; border_color=&#8220;#ffffff&#8220; border_style=&#8220;solid&#8220; animation_duration=&#8220;500ms&#8220; animation_intensity_slide=&#8220;10%&#8220; animation_direction=&#8220;left&#8220; _builder_version=&#8220;3.21.1&#8243; alt=&#8220;DesignFiX &#8211; Fastener Fair Stuttgart 2019&#8243; title_text=&#8220;DesignFiX &#8211; Fastener Fair Stuttgart 2019&#8243; z_index_tablet=&#8220;500&#8243; align_last_edited=&#8220;on|desktop&#8220; align_tablet=&#8220;center&#8220; \/][et_pb_image admin_label=&#8220;Bild 2019&#8243; src=&#8220;https:\/\/www.designfix.de\/wp-content\/uploads\/2019\/03\/20190321_131443.jpg&#8220; show_in_lightbox=&#8220;on&#8220; animation=&#8220;left&#8220; sticky=&#8220;off&#8220; use_border_color=&#8220;off&#8220; border_color=&#8220;#ffffff&#8220; border_style=&#8220;solid&#8220; animation_duration=&#8220;500ms&#8220; animation_intensity_slide=&#8220;10%&#8220; animation_direction=&#8220;left&#8220; _builder_version=&#8220;3.21.1&#8243; alt=&#8220;DesignFiX &#8211; Fastener Fair Stuttgart 2019&#8243; title_text=&#8220;DesignFiX &#8211; Fastener Fair Stuttgart 2019&#8243; z_index_tablet=&#8220;500&#8243; align_last_edited=&#8220;on|desktop&#8220; align_tablet=&#8220;center&#8220; \/][\/et_pb_column][et_pb_column type=&#8220;1_3&#8243; custom_padding__hover=&#8220;|||&#8220; custom_padding=&#8220;|||&#8220;][et_pb_image admin_label=&#8220;Bild 2019&#8243; src=&#8220;https:\/\/www.designfix.de\/wp-content\/uploads\/2019\/03\/20190319_090940.jpg&#8220; show_in_lightbox=&#8220;on&#8220; animation=&#8220;left&#8220; sticky=&#8220;off&#8220; use_border_color=&#8220;off&#8220; border_color=&#8220;#ffffff&#8220; border_style=&#8220;solid&#8220; animation_duration=&#8220;500ms&#8220; animation_intensity_slide=&#8220;10%&#8220; animation_direction=&#8220;left&#8220; _builder_version=&#8220;3.21.1&#8243; alt=&#8220;DesignFiX &#8211; Fastener Fair Stuttgart 2019&#8243; title_text=&#8220;DesignFiX &#8211; Fastener Fair Stuttgart 2019&#8243; z_index_tablet=&#8220;500&#8243; align_last_edited=&#8220;on|desktop&#8220; align_tablet=&#8220;center&#8220; \/][et_pb_image admin_label=&#8220;Bild 2019&#8243; src=&#8220;https:\/\/www.designfix.de\/wp-content\/uploads\/2019\/03\/20190321_133822.jpg&#8220; show_in_lightbox=&#8220;on&#8220; animation=&#8220;left&#8220; sticky=&#8220;off&#8220; use_border_color=&#8220;off&#8220; border_color=&#8220;#ffffff&#8220; border_style=&#8220;solid&#8220; animation_duration=&#8220;500ms&#8220; animation_intensity_slide=&#8220;10%&#8220; animation_direction=&#8220;left&#8220; _builder_version=&#8220;3.21.1&#8243; alt=&#8220;DesignFiX &#8211; Fastener Fair Stuttgart 2019&#8243; title_text=&#8220;DesignFiX &#8211; Fastener Fair Stuttgart 2019&#8243; z_index_tablet=&#8220;500&#8243; align_last_edited=&#8220;on|desktop&#8220; align_tablet=&#8220;center&#8220; \/][\/et_pb_column][\/et_pb_row][\/et_pb_section][et_pb_section bb_built=&#8220;1&#8243; admin_label=&#8220;section&#8220; inner_shadow=&#8220;off&#8220; parallax=&#8220;on&#8220; background_color=&#8220;rgba(255,255,255,0)&#8220; background_image=&#8220;https:\/\/www.designfix.de\/wp-content\/uploads\/2015\/12\/geometic-bkg-blue.jpg&#8220; transparent_background=&#8220;on&#8220; allow_player_pause=&#8220;off&#8220; parallax_method=&#8220;off&#8220; padding_mobile=&#8220;off&#8220; make_fullwidth=&#8220;off&#8220; use_custom_width=&#8220;off&#8220; width_unit=&#8220;on&#8220; make_equal=&#8220;off&#8220; use_custom_gutter=&#8220;off&#8220; custom_padding=&#8220;||0px|&#8220; custom_padding_tablet=&#8220;50px|0|50px|0&#8243; custom_padding_last_edited=&#8220;on|desktop&#8220; prev_background_color=&#8220;rgba(255,255,255,0)&#8220; next_background_color=&#8220;rgba(255,255,255,0)&#8220; inner_width=&#8220;auto&#8220; inner_max_width=&#8220;1080px&#8220;][et_pb_row admin_label=&#8220;row&#8220; background_position=&#8220;top_left&#8220; background_repeat=&#8220;repeat&#8220; background_size=&#8220;initial&#8220; width=&#8220;80%&#8220; max_width=&#8220;1080px&#8220;][et_pb_column type=&#8220;1_4&#8243; custom_padding__hover=&#8220;|||&#8220; custom_padding=&#8220;|||&#8220;][et_pb_image admin_label=&#8220;Bild Fastener Fair 2017&#8243; src=&#8220;https:\/\/www.designfix.de\/wp-content\/uploads\/2015\/12\/FFS_2017_logo.jpg&#8220; show_in_lightbox=&#8220;off&#8220; url_new_window=&#8220;on&#8220; animation=&#8220;left&#8220; sticky=&#8220;off&#8220; align=&#8220;left&#8220; force_fullwidth=&#8220;off&#8220; always_center_on_mobile=&#8220;on&#8220; use_border_color=&#8220;off&#8220; border_color=&#8220;#ffffff&#8220; border_style=&#8220;solid&#8220; url=&#8220;http:\/\/www.fastenerfair.com\/stuttgart\/deutsch\/&#8220; use_overlay=&#8220;off&#8220; max_width=&#8220;165px&#8220; animation_style=&#8220;slide&#8220; animation_duration=&#8220;500ms&#8220; animation_intensity_slide=&#8220;10%&#8220; animation_direction=&#8220;left&#8220; show_bottom_space=&#8220;on&#8220; align_last_edited=&#8220;on|desktop&#8220; align_tablet=&#8220;center&#8220; \/][\/et_pb_column][et_pb_column type=&#8220;3_4&#8243; custom_padding__hover=&#8220;|||&#8220; custom_padding=&#8220;|||&#8220;][et_pb_cta admin_label=&#8220;Call To Action &#8211; 2017 March, Fastener Fair Stuttgart&#8220; background_color=&#8220;#2caaca&#8220; use_background_color=&#8220;off&#8220; background_layout=&#8220;dark&#8220; text_orientation=&#8220;left&#8220; url_new_window=&#8220;on&#8220; use_border_color=&#8220;off&#8220; border_color=&#8220;#ffffff&#8220; border_style=&#8220;solid&#8220; custom_button=&#8220;off&#8220; button_letter_spacing=&#8220;0&#8243; button_use_icon=&#8220;default&#8220; button_icon_placement=&#8220;right&#8220; button_on_hover=&#8220;on&#8220; button_letter_spacing_hover=&#8220;0&#8243; title=&#8220;2017 M\u00e4rz, Fastener Fair Stuttgart, Halle 1, Stand 684&#8243; button_url=&#8220;\/de\/kundenmeinungen\/&#8220; button_text=&#8220;Kundenmeinungen&#8220; background_position=&#8220;top_left&#8220; background_repeat=&#8220;repeat&#8220; background_size=&#8220;initial&#8220; button_text_size__hover_enabled=&#8220;off&#8220; button_text_size__hover=&#8220;null&#8220; button_one_text_size__hover_enabled=&#8220;off&#8220; button_one_text_size__hover=&#8220;null&#8220; button_two_text_size__hover_enabled=&#8220;off&#8220; button_two_text_size__hover=&#8220;null&#8220; button_text_color__hover_enabled=&#8220;off&#8220; button_text_color__hover=&#8220;null&#8220; button_one_text_color__hover_enabled=&#8220;off&#8220; button_one_text_color__hover=&#8220;null&#8220; button_two_text_color__hover_enabled=&#8220;off&#8220; button_two_text_color__hover=&#8220;null&#8220; button_border_width__hover_enabled=&#8220;off&#8220; button_border_width__hover=&#8220;null&#8220; button_one_border_width__hover_enabled=&#8220;off&#8220; button_one_border_width__hover=&#8220;null&#8220; button_two_border_width__hover_enabled=&#8220;off&#8220; button_two_border_width__hover=&#8220;null&#8220; button_border_color__hover_enabled=&#8220;off&#8220; button_border_color__hover=&#8220;null&#8220; button_one_border_color__hover_enabled=&#8220;off&#8220; button_one_border_color__hover=&#8220;null&#8220; button_two_border_color__hover_enabled=&#8220;off&#8220; button_two_border_color__hover=&#8220;null&#8220; button_border_radius__hover_enabled=&#8220;off&#8220; button_border_radius__hover=&#8220;null&#8220; button_one_border_radius__hover_enabled=&#8220;off&#8220; button_one_border_radius__hover=&#8220;null&#8220; button_two_border_radius__hover_enabled=&#8220;off&#8220; button_two_border_radius__hover=&#8220;null&#8220; button_letter_spacing__hover_enabled=&#8220;on&#8220; button_letter_spacing__hover=&#8220;0&#8243; button_one_letter_spacing__hover_enabled=&#8220;off&#8220; button_one_letter_spacing__hover=&#8220;null&#8220; button_two_letter_spacing__hover_enabled=&#8220;off&#8220; button_two_letter_spacing__hover=&#8220;null&#8220; button_bg_color__hover_enabled=&#8220;off&#8220; button_bg_color__hover=&#8220;null&#8220; button_one_bg_color__hover_enabled=&#8220;off&#8220; button_one_bg_color__hover=&#8220;null&#8220; button_two_bg_color__hover_enabled=&#8220;off&#8220; button_two_bg_color__hover=&#8220;null&#8220;]<\/p>\n<p>\nDie 7. Fastener Fair Stuttgart findet vom 28. \u2013 30. M\u00e4rz 2017 auf dem Stuttgarter Messegel\u00e4nde in den Hallen 1, 3 und 5 statt. Die Fastener Fair Stuttgart 2017 wird erneut die zentrale Anlaufstelle f\u00fcr Branchenprofis sein. Rund 800 Aussteller aus 40 L\u00e4ndern pr\u00e4sentieren ein umfassendes Angebot an Verbindungs- und Befestigungselementen.<\/p>\n<p>[\/et_pb_cta][\/et_pb_column][\/et_pb_row][\/et_pb_section][et_pb_section bb_built=&#8220;1&#8243; admin_label=&#8220;section&#8220; inner_shadow=&#8220;off&#8220; parallax=&#8220;off&#8220; background_color=&#8220;rgba(255,255,255,0)&#8220; transparent_background=&#8220;on&#8220; allow_player_pause=&#8220;off&#8220; parallax_method=&#8220;off&#8220; padding_mobile=&#8220;off&#8220; make_fullwidth=&#8220;off&#8220; use_custom_width=&#8220;off&#8220; width_unit=&#8220;on&#8220; make_equal=&#8220;off&#8220; use_custom_gutter=&#8220;off&#8220; gutter_width=&#8220;3&#8243; custom_padding_tablet=&#8220;50px|0|50px|0&#8243; custom_padding_last_edited=&#8220;on|desktop&#8220; prev_background_color=&#8220;#000000&#8243; next_background_color=&#8220;#000000&#8243; inner_width=&#8220;auto&#8220; inner_max_width=&#8220;1080px&#8220;][et_pb_row admin_label=&#8220;Zeile&#8220; background_position=&#8220;top_left&#8220; background_repeat=&#8220;repeat&#8220; background_size=&#8220;initial&#8220; width=&#8220;80%&#8220; max_width=&#8220;1080px&#8220;][et_pb_column type=&#8220;2_3&#8243; custom_padding__hover=&#8220;|||&#8220; custom_padding=&#8220;|||&#8220;][et_pb_image admin_label=&#8220;Bild 2017&#8243; src=&#8220;https:\/\/www.designfix.de\/wp-content\/uploads\/2015\/12\/FastenerFair2017-DesignFiX.jpg&#8220; show_in_lightbox=&#8220;on&#8220; url_new_window=&#8220;off&#8220; animation=&#8220;left&#8220; sticky=&#8220;off&#8220; align=&#8220;left&#8220; force_fullwidth=&#8220;off&#8220; always_center_on_mobile=&#8220;on&#8220; use_border_color=&#8220;off&#8220; border_color=&#8220;#ffffff&#8220; border_style=&#8220;solid&#8220; use_overlay=&#8220;off&#8220; animation_style=&#8220;slide&#8220; animation_duration=&#8220;500ms&#8220; animation_intensity_slide=&#8220;10%&#8220; animation_direction=&#8220;left&#8220; show_bottom_space=&#8220;on&#8220; align_last_edited=&#8220;on|desktop&#8220; align_tablet=&#8220;center&#8220; \/][\/et_pb_column][et_pb_column type=&#8220;1_3&#8243; custom_padding__hover=&#8220;|||&#8220; custom_padding=&#8220;|||&#8220;][et_pb_text background_layout=&#8220;light&#8220; text_orientation=&#8220;left&#8220; use_border_color=&#8220;off&#8220; border_color=&#8220;#ffffff&#8220; border_style=&#8220;solid&#8220; background_position=&#8220;top_left&#8220; background_repeat=&#8220;repeat&#8220; background_size=&#8220;initial&#8220;]<\/p>\n<p style=\"text-align: justify;\">Als der weltweit gr\u00f6\u00dfte Treffpunkt f\u00fcr diese Branche deckt die Messe alle Bereiche der Verbindungs- und Befestigungstechnologie ab, von Befestigungselementen und Halterungen f\u00fcr die Industrie und Baubranche \u00fcber Montage- und Installationssysteme bis hin zu Produktions-technologien f\u00fcr Befestigungselemente.<\/p>\n<p>[\/et_pb_text][\/et_pb_column][\/et_pb_row][et_pb_row admin_label=&#8220;row&#8220; make_fullwidth=&#8220;off&#8220; use_custom_width=&#8220;off&#8220; width_unit=&#8220;on&#8220; use_custom_gutter=&#8220;off&#8220; gutter_width=&#8220;3&#8243; padding_mobile=&#8220;off&#8220; allow_player_pause=&#8220;off&#8220; parallax=&#8220;off&#8220; parallax_method=&#8220;off&#8220; make_equal=&#8220;off&#8220; column_padding_mobile=&#8220;on&#8220; background_position=&#8220;top_left&#8220; background_repeat=&#8220;repeat&#8220; background_size=&#8220;initial&#8220; width=&#8220;80%&#8220; max_width=&#8220;1080px&#8220;][et_pb_column type=&#8220;1_2&#8243; custom_padding__hover=&#8220;|||&#8220; custom_padding=&#8220;|||&#8220; parallax_method=&#8220;off&#8220;][et_pb_image admin_label=&#8220;Image Amy&#8220; src=&#8220;https:\/\/www.designfix.de\/wp-content\/uploads\/2015\/12\/FastenerFair2017.jpg&#8220; show_in_lightbox=&#8220;on&#8220; url_new_window=&#8220;off&#8220; use_overlay=&#8220;off&#8220; animation=&#8220;off&#8220; sticky=&#8220;off&#8220; align=&#8220;left&#8220; force_fullwidth=&#8220;off&#8220; always_center_on_mobile=&#8220;on&#8220; use_border_color=&#8220;off&#8220; border_color=&#8220;#ffffff&#8220; border_style=&#8220;solid&#8220; animation_style=&#8220;none&#8220; animation_duration=&#8220;1000ms&#8220; animation_intensity_slide=&#8220;50%&#8220; show_bottom_space=&#8220;on&#8220; align_last_edited=&#8220;on|desktop&#8220; align_tablet=&#8220;center&#8220; \/][\/et_pb_column][et_pb_column type=&#8220;1_2&#8243; custom_padding__hover=&#8220;|||&#8220; custom_padding=&#8220;|||&#8220; parallax_method=&#8220;off&#8220;][et_pb_image admin_label=&#8220;Image Team&#8220; src=&#8220;https:\/\/www.designfix.de\/wp-content\/uploads\/2015\/12\/DesignFiX-Team2017.jpg&#8220; show_in_lightbox=&#8220;on&#8220; url_new_window=&#8220;off&#8220; use_overlay=&#8220;off&#8220; animation=&#8220;off&#8220; sticky=&#8220;off&#8220; align=&#8220;left&#8220; force_fullwidth=&#8220;off&#8220; always_center_on_mobile=&#8220;on&#8220; use_border_color=&#8220;off&#8220; border_color=&#8220;#ffffff&#8220; border_style=&#8220;solid&#8220; animation_style=&#8220;none&#8220; animation_duration=&#8220;1000ms&#8220; animation_intensity_slide=&#8220;50%&#8220; show_bottom_space=&#8220;on&#8220; align_last_edited=&#8220;on|desktop&#8220; align_tablet=&#8220;center&#8220; \/][\/et_pb_column][\/et_pb_row][\/et_pb_section][et_pb_section bb_built=&#8220;1&#8243; admin_label=&#8220;section&#8220; inner_shadow=&#8220;off&#8220; parallax=&#8220;on&#8220; background_color=&#8220;rgba(255,255,255,0)&#8220; background_image=&#8220;https:\/\/www.designfix.de\/wp-content\/uploads\/2015\/12\/geometic-bkg-blue.jpg&#8220; transparent_background=&#8220;on&#8220; allow_player_pause=&#8220;off&#8220; parallax_method=&#8220;off&#8220; padding_mobile=&#8220;off&#8220; make_fullwidth=&#8220;off&#8220; use_custom_width=&#8220;off&#8220; width_unit=&#8220;on&#8220; make_equal=&#8220;off&#8220; use_custom_gutter=&#8220;off&#8220; custom_padding=&#8220;||0px|&#8220; custom_padding_tablet=&#8220;50px|0|50px|0&#8243; custom_padding_last_edited=&#8220;on|desktop&#8220; prev_background_color=&#8220;rgba(255,255,255,0)&#8220; next_background_color=&#8220;rgba(255,255,255,0)&#8220; inner_width=&#8220;auto&#8220; inner_max_width=&#8220;1080px&#8220;][et_pb_row admin_label=&#8220;row&#8220; background_position=&#8220;top_left&#8220; background_repeat=&#8220;repeat&#8220; background_size=&#8220;initial&#8220; width=&#8220;80%&#8220; max_width=&#8220;1080px&#8220;][et_pb_column type=&#8220;1_4&#8243; custom_padding__hover=&#8220;|||&#8220; custom_padding=&#8220;|||&#8220;][et_pb_image admin_label=&#8220;Bild Fastener Fair&#8220; src=&#8220;https:\/\/www.designfix.de\/wp-content\/uploads\/2016\/01\/FFS_2015_logo.jpg&#8220; show_in_lightbox=&#8220;off&#8220; url_new_window=&#8220;on&#8220; animation=&#8220;left&#8220; sticky=&#8220;off&#8220; align=&#8220;left&#8220; force_fullwidth=&#8220;off&#8220; always_center_on_mobile=&#8220;on&#8220; use_border_color=&#8220;off&#8220; border_color=&#8220;#ffffff&#8220; border_style=&#8220;solid&#8220; url=&#8220;http:\/\/www.fastenerfair.com\/stuttgart\/deutsch\/&#8220; use_overlay=&#8220;off&#8220; animation_style=&#8220;slide&#8220; animation_duration=&#8220;500ms&#8220; animation_intensity_slide=&#8220;10%&#8220; animation_direction=&#8220;left&#8220; show_bottom_space=&#8220;on&#8220; align_last_edited=&#8220;on|desktop&#8220; align_tablet=&#8220;center&#8220; \/][\/et_pb_column][et_pb_column type=&#8220;3_4&#8243; custom_padding__hover=&#8220;|||&#8220; custom_padding=&#8220;|||&#8220;][et_pb_cta admin_label=&#8220;Call To Action &#8211; 2015 March, Fastener Fair Stuttgart&#8220; background_color=&#8220;#2caaca&#8220; use_background_color=&#8220;off&#8220; background_layout=&#8220;dark&#8220; text_orientation=&#8220;left&#8220; url_new_window=&#8220;off&#8220; use_border_color=&#8220;off&#8220; border_color=&#8220;#ffffff&#8220; border_style=&#8220;solid&#8220; custom_button=&#8220;off&#8220; button_letter_spacing=&#8220;0&#8243; button_use_icon=&#8220;default&#8220; button_icon_placement=&#8220;right&#8220; button_on_hover=&#8220;on&#8220; button_letter_spacing_hover=&#8220;0&#8243; title=&#8220;2015 M\u00e4rz, Fastener Fair Stuttgart, Halle 6, Stand J130&#8243; button_url=&#8220;\/de\/kundenmeinungen\/&#8220; button_text=&#8220;Kundenmeinungen&#8220; background_position=&#8220;top_left&#8220; background_repeat=&#8220;repeat&#8220; background_size=&#8220;initial&#8220; button_text_size__hover_enabled=&#8220;off&#8220; button_text_size__hover=&#8220;null&#8220; button_one_text_size__hover_enabled=&#8220;off&#8220; button_one_text_size__hover=&#8220;null&#8220; button_two_text_size__hover_enabled=&#8220;off&#8220; button_two_text_size__hover=&#8220;null&#8220; button_text_color__hover_enabled=&#8220;off&#8220; button_text_color__hover=&#8220;null&#8220; button_one_text_color__hover_enabled=&#8220;off&#8220; button_one_text_color__hover=&#8220;null&#8220; button_two_text_color__hover_enabled=&#8220;off&#8220; button_two_text_color__hover=&#8220;null&#8220; button_border_width__hover_enabled=&#8220;off&#8220; button_border_width__hover=&#8220;null&#8220; button_one_border_width__hover_enabled=&#8220;off&#8220; button_one_border_width__hover=&#8220;null&#8220; button_two_border_width__hover_enabled=&#8220;off&#8220; button_two_border_width__hover=&#8220;null&#8220; button_border_color__hover_enabled=&#8220;off&#8220; button_border_color__hover=&#8220;null&#8220; button_one_border_color__hover_enabled=&#8220;off&#8220; button_one_border_color__hover=&#8220;null&#8220; button_two_border_color__hover_enabled=&#8220;off&#8220; button_two_border_color__hover=&#8220;null&#8220; button_border_radius__hover_enabled=&#8220;off&#8220; button_border_radius__hover=&#8220;null&#8220; button_one_border_radius__hover_enabled=&#8220;off&#8220; button_one_border_radius__hover=&#8220;null&#8220; button_two_border_radius__hover_enabled=&#8220;off&#8220; button_two_border_radius__hover=&#8220;null&#8220; button_letter_spacing__hover_enabled=&#8220;on&#8220; button_letter_spacing__hover=&#8220;0&#8243; button_one_letter_spacing__hover_enabled=&#8220;off&#8220; button_one_letter_spacing__hover=&#8220;null&#8220; button_two_letter_spacing__hover_enabled=&#8220;off&#8220; button_two_letter_spacing__hover=&#8220;null&#8220; button_bg_color__hover_enabled=&#8220;off&#8220; button_bg_color__hover=&#8220;null&#8220; button_one_bg_color__hover_enabled=&#8220;off&#8220; button_one_bg_color__hover=&#8220;null&#8220; button_two_bg_color__hover_enabled=&#8220;off&#8220; button_two_bg_color__hover=&#8220;null&#8220;]<\/p>\n<p>\nMit einem erneuten Zuwachs an Besuchern von 4% ist die Fastener Fair Stuttgart 2015 zu Ende gegangen. Insgesamt 11.060 Fachbesucher kamen auf das Stuttgarter Messegel\u00e4nde, um sich \u00fcber die neuesten Entwicklungen aus allen Bereichen der Verbindungs- und Befestigungstechnologie zu informieren. Fastener Fair Stuttgart 2015 war internationaler denn je \u2013 mit 60% Besuchern aus dem Ausland.<\/p>\n<p>[\/et_pb_cta][\/et_pb_column][\/et_pb_row][\/et_pb_section][et_pb_section bb_built=&#8220;1&#8243; admin_label=&#8220;section&#8220; inner_shadow=&#8220;off&#8220; parallax=&#8220;off&#8220; background_color=&#8220;rgba(255,255,255,0)&#8220; transparent_background=&#8220;on&#8220; allow_player_pause=&#8220;off&#8220; parallax_method=&#8220;off&#8220; padding_mobile=&#8220;off&#8220; make_fullwidth=&#8220;off&#8220; use_custom_width=&#8220;off&#8220; width_unit=&#8220;on&#8220; make_equal=&#8220;off&#8220; use_custom_gutter=&#8220;off&#8220; gutter_width=&#8220;3&#8243; custom_padding_tablet=&#8220;50px|0|50px|0&#8243; custom_padding_last_edited=&#8220;on|desktop&#8220; prev_background_color=&#8220;#000000&#8243; next_background_color=&#8220;#000000&#8243; inner_width=&#8220;auto&#8220; inner_max_width=&#8220;1080px&#8220;][et_pb_row admin_label=&#8220;Zeile&#8220; background_position=&#8220;top_left&#8220; background_repeat=&#8220;repeat&#8220; background_size=&#8220;initial&#8220; width=&#8220;80%&#8220; max_width=&#8220;1080px&#8220;][et_pb_column type=&#8220;3_4&#8243; custom_padding__hover=&#8220;|||&#8220; custom_padding=&#8220;|||&#8220;][et_pb_image admin_label=&#8220;Bild&#8220; src=&#8220;https:\/\/www.designfix.de\/wp-content\/uploads\/2015\/12\/FastenerFairStgt2015.png&#8220; show_in_lightbox=&#8220;on&#8220; url_new_window=&#8220;off&#8220; animation=&#8220;left&#8220; sticky=&#8220;off&#8220; align=&#8220;left&#8220; force_fullwidth=&#8220;off&#8220; always_center_on_mobile=&#8220;on&#8220; use_border_color=&#8220;off&#8220; border_color=&#8220;#ffffff&#8220; border_style=&#8220;solid&#8220; use_overlay=&#8220;off&#8220; animation_style=&#8220;slide&#8220; animation_duration=&#8220;500ms&#8220; animation_intensity_slide=&#8220;10%&#8220; animation_direction=&#8220;left&#8220; show_bottom_space=&#8220;on&#8220; align_last_edited=&#8220;on|desktop&#8220; align_tablet=&#8220;center&#8220; \/][\/et_pb_column][et_pb_column type=&#8220;1_4&#8243; custom_padding__hover=&#8220;|||&#8220; custom_padding=&#8220;|||&#8220;][et_pb_text background_layout=&#8220;light&#8220; text_orientation=&#8220;left&#8220; use_border_color=&#8220;off&#8220; border_color=&#8220;#ffffff&#8220; border_style=&#8220;solid&#8220; background_position=&#8220;top_left&#8220; background_repeat=&#8220;repeat&#8220; background_size=&#8220;initial&#8220;]<\/p>\n<p style=\"text-align: justify;\">Die Fastener Fair Stuttgart 2015 war ein gro\u00dfer Erfolg f\u00fcr DesignFiX. Herzlichen Dank f\u00fcr die vielen neuen Gesch\u00e4ftskontakte, sie geben uns die richtige Portion an Energie und Enthusiasmus f\u00fcr die Umsetzung unserer DesignFiX-Projekte.<\/p>\n<p style=\"text-align: justify;\">Wieder hat sich gezeigt, dass die Messe ein idealer Treffpunkt ist, den Branchenexperten nicht verpassen sollten. An dieser Stelle auch vielen Dank an unsere Nachbarn TRUTEK und REX f\u00fcr die tolle Show und insbesondere an David Geddes und Steve Miller f\u00fcr die perfekte Organisation.<\/p>\n<p>[\/et_pb_text][\/et_pb_column][\/et_pb_row][et_pb_row admin_label=&#8220;row&#8220; make_fullwidth=&#8220;off&#8220; use_custom_width=&#8220;off&#8220; width_unit=&#8220;on&#8220; use_custom_gutter=&#8220;off&#8220; gutter_width=&#8220;3&#8243; padding_mobile=&#8220;off&#8220; allow_player_pause=&#8220;off&#8220; parallax=&#8220;off&#8220; parallax_method=&#8220;off&#8220; make_equal=&#8220;off&#8220; column_padding_mobile=&#8220;on&#8220; background_position=&#8220;top_left&#8220; background_repeat=&#8220;repeat&#8220; background_size=&#8220;initial&#8220; width=&#8220;80%&#8220; max_width=&#8220;1080px&#8220;][et_pb_column type=&#8220;4_4&#8243; custom_padding__hover=&#8220;|||&#8220; custom_padding=&#8220;|||&#8220; parallax_method=&#8220;off&#8220;][et_pb_gallery admin_label=&#8220;Galerie 2015&#8243; gallery_ids=&#8220;393,408,394,395,396,397,398,399,400,401,402,403&#8243; fullwidth=&#8220;off&#8220; show_title_and_caption=&#8220;on&#8220; show_pagination=&#8220;on&#8220; background_layout=&#8220;light&#8220; auto=&#8220;off&#8220; hover_overlay_color=&#8220;rgba(0,0,0,0.45)&#8220; use_border_color=&#8220;off&#8220; border_color=&#8220;#ffffff&#8220; border_style=&#8220;solid&#8220; orientation=&#8220;landscape&#8220; \/][\/et_pb_column][\/et_pb_row][\/et_pb_section][et_pb_section bb_built=&#8220;1&#8243; admin_label=&#8220;section&#8220; inner_shadow=&#8220;off&#8220; parallax=&#8220;on&#8220; background_color=&#8220;rgba(255,255,255,0)&#8220; background_image=&#8220;https:\/\/www.designfix.de\/wp-content\/uploads\/2015\/12\/geometic-bkg-blue.jpg&#8220; transparent_background=&#8220;on&#8220; allow_player_pause=&#8220;off&#8220; parallax_method=&#8220;off&#8220; padding_mobile=&#8220;off&#8220; make_fullwidth=&#8220;off&#8220; use_custom_width=&#8220;off&#8220; width_unit=&#8220;on&#8220; make_equal=&#8220;off&#8220; use_custom_gutter=&#8220;off&#8220; custom_padding=&#8220;||0px|&#8220; custom_padding_tablet=&#8220;50px|0|50px|0&#8243; custom_padding_last_edited=&#8220;on|desktop&#8220; prev_background_color=&#8220;rgba(255,255,255,0)&#8220; next_background_color=&#8220;rgba(255,255,255,0)&#8220; inner_width=&#8220;auto&#8220; inner_max_width=&#8220;1080px&#8220;][et_pb_row admin_label=&#8220;row&#8220; background_position=&#8220;top_left&#8220; background_repeat=&#8220;repeat&#8220; background_size=&#8220;initial&#8220; width=&#8220;80%&#8220; max_width=&#8220;1080px&#8220;][et_pb_column type=&#8220;1_4&#8243; custom_padding__hover=&#8220;|||&#8220; custom_padding=&#8220;|||&#8220;][et_pb_image admin_label=&#8220;Bild EISENWARENMESSE&#8220; src=&#8220;https:\/\/www.designfix.de\/wp-content\/uploads\/2015\/12\/IEWMK.jpg&#8220; show_in_lightbox=&#8220;off&#8220; url_new_window=&#8220;on&#8220; animation=&#8220;left&#8220; sticky=&#8220;off&#8220; align=&#8220;left&#8220; force_fullwidth=&#8220;off&#8220; always_center_on_mobile=&#8220;on&#8220; use_border_color=&#8220;off&#8220; border_color=&#8220;#ffffff&#8220; border_style=&#8220;solid&#8220; url=&#8220;http:\/\/www.eisenwarenmesse.de\/&#8220; use_overlay=&#8220;off&#8220; max_width=&#8220;165px&#8220; animation_style=&#8220;slide&#8220; animation_duration=&#8220;500ms&#8220; animation_intensity_slide=&#8220;10%&#8220; animation_direction=&#8220;left&#8220; show_bottom_space=&#8220;on&#8220; align_last_edited=&#8220;on|desktop&#8220; align_tablet=&#8220;center&#8220; \/][\/et_pb_column][et_pb_column type=&#8220;3_4&#8243; custom_padding__hover=&#8220;|||&#8220; custom_padding=&#8220;|||&#8220;][et_pb_cta admin_label=&#8220;Call To Action &#8211; 2014 March, EISENWARENMESSE&#8220; background_color=&#8220;#2caaca&#8220; use_background_color=&#8220;off&#8220; background_layout=&#8220;dark&#8220; text_orientation=&#8220;left&#8220; url_new_window=&#8220;off&#8220; use_border_color=&#8220;off&#8220; border_color=&#8220;#ffffff&#8220; border_style=&#8220;solid&#8220; custom_button=&#8220;off&#8220; button_letter_spacing=&#8220;0&#8243; button_use_icon=&#8220;default&#8220; button_icon_placement=&#8220;right&#8220; button_on_hover=&#8220;on&#8220; button_letter_spacing_hover=&#8220;0&#8243; title=&#8220;2014 M\u00e4rz, EISENWARENMESSE &#8211; International Hardware Fair in Cologne&#8220; button_url=&#8220;\/de\/kundenmeinungen\/&#8220; button_text=&#8220;Kundenmeinungen&#8220; background_position=&#8220;top_left&#8220; background_repeat=&#8220;repeat&#8220; background_size=&#8220;initial&#8220; button_text_size__hover_enabled=&#8220;off&#8220; button_text_size__hover=&#8220;null&#8220; button_one_text_size__hover_enabled=&#8220;off&#8220; button_one_text_size__hover=&#8220;null&#8220; button_two_text_size__hover_enabled=&#8220;off&#8220; button_two_text_size__hover=&#8220;null&#8220; button_text_color__hover_enabled=&#8220;off&#8220; button_text_color__hover=&#8220;null&#8220; button_one_text_color__hover_enabled=&#8220;off&#8220; button_one_text_color__hover=&#8220;null&#8220; button_two_text_color__hover_enabled=&#8220;off&#8220; button_two_text_color__hover=&#8220;null&#8220; button_border_width__hover_enabled=&#8220;off&#8220; button_border_width__hover=&#8220;null&#8220; button_one_border_width__hover_enabled=&#8220;off&#8220; button_one_border_width__hover=&#8220;null&#8220; button_two_border_width__hover_enabled=&#8220;off&#8220; button_two_border_width__hover=&#8220;null&#8220; button_border_color__hover_enabled=&#8220;off&#8220; button_border_color__hover=&#8220;null&#8220; button_one_border_color__hover_enabled=&#8220;off&#8220; button_one_border_color__hover=&#8220;null&#8220; button_two_border_color__hover_enabled=&#8220;off&#8220; button_two_border_color__hover=&#8220;null&#8220; button_border_radius__hover_enabled=&#8220;off&#8220; button_border_radius__hover=&#8220;null&#8220; button_one_border_radius__hover_enabled=&#8220;off&#8220; button_one_border_radius__hover=&#8220;null&#8220; button_two_border_radius__hover_enabled=&#8220;off&#8220; button_two_border_radius__hover=&#8220;null&#8220; button_letter_spacing__hover_enabled=&#8220;on&#8220; button_letter_spacing__hover=&#8220;0&#8243; button_one_letter_spacing__hover_enabled=&#8220;off&#8220; button_one_letter_spacing__hover=&#8220;null&#8220; button_two_letter_spacing__hover_enabled=&#8220;off&#8220; button_two_letter_spacing__hover=&#8220;null&#8220; button_bg_color__hover_enabled=&#8220;off&#8220; button_bg_color__hover=&#8220;null&#8220; button_one_bg_color__hover_enabled=&#8220;off&#8220; button_one_bg_color__hover=&#8220;null&#8220; button_two_bg_color__hover_enabled=&#8220;off&#8220; button_two_bg_color__hover=&#8220;null&#8220;]<\/p>\n<p>\n&#8222;TIME TO ROCK&#8220; auf der INTERNATIONALEN EISENWARENMESSE in K\u00f6ln!<br \/>Innovationen am laufenden Meter<\/p>\n<p>[\/et_pb_cta][\/et_pb_column][\/et_pb_row][\/et_pb_section][et_pb_section bb_built=&#8220;1&#8243; admin_label=&#8220;section&#8220; inner_shadow=&#8220;off&#8220; parallax=&#8220;off&#8220; background_color=&#8220;rgba(255,255,255,0)&#8220; transparent_background=&#8220;on&#8220; allow_player_pause=&#8220;off&#8220; parallax_method=&#8220;off&#8220; padding_mobile=&#8220;off&#8220; make_fullwidth=&#8220;off&#8220; use_custom_width=&#8220;off&#8220; width_unit=&#8220;on&#8220; make_equal=&#8220;off&#8220; use_custom_gutter=&#8220;off&#8220; gutter_width=&#8220;3&#8243; custom_padding_tablet=&#8220;50px|0|50px|0&#8243; custom_padding_last_edited=&#8220;on|desktop&#8220; prev_background_color=&#8220;#000000&#8243; next_background_color=&#8220;#8d1bf4&#8243; inner_width=&#8220;auto&#8220; inner_max_width=&#8220;1080px&#8220;][et_pb_row admin_label=&#8220;Zeile&#8220; background_position=&#8220;top_left&#8220; background_repeat=&#8220;repeat&#8220; background_size=&#8220;initial&#8220; width=&#8220;80%&#8220; max_width=&#8220;1080px&#8220;][et_pb_column type=&#8220;1_2&#8243; custom_padding__hover=&#8220;|||&#8220; custom_padding=&#8220;|||&#8220; parallax_method=&#8220;off&#8220;][et_pb_image admin_label=&#8220;Bild&#8220; src=&#8220;https:\/\/www.designfix.de\/wp-content\/uploads\/2015\/12\/DesignFiX-06.jpg&#8220; show_in_lightbox=&#8220;off&#8220; url_new_window=&#8220;off&#8220; animation=&#8220;left&#8220; sticky=&#8220;off&#8220; align=&#8220;left&#8220; force_fullwidth=&#8220;off&#8220; always_center_on_mobile=&#8220;on&#8220; use_border_color=&#8220;off&#8220; border_color=&#8220;#ffffff&#8220; border_style=&#8220;solid&#8220; animation_style=&#8220;slide&#8220; animation_duration=&#8220;500ms&#8220; animation_intensity_slide=&#8220;10%&#8220; animation_direction=&#8220;left&#8220; show_bottom_space=&#8220;on&#8220; align_last_edited=&#8220;on|desktop&#8220; align_tablet=&#8220;center&#8220; \/][et_pb_text background_layout=&#8220;light&#8220; text_orientation=&#8220;left&#8220; text_font_size=&#8220;14&#8243; use_border_color=&#8220;off&#8220; border_color=&#8220;#ffffff&#8220; border_style=&#8220;solid&#8220; background_position=&#8220;top_left&#8220; background_repeat=&#8220;repeat&#8220; background_size=&#8220;initial&#8220;]<\/p>\n<p>\nPlanung und Vorbereitung f\u00fcr den Messestand.<\/p>\n<p>[\/et_pb_text][\/et_pb_column][et_pb_column type=&#8220;1_2&#8243; custom_padding__hover=&#8220;|||&#8220; custom_padding=&#8220;|||&#8220; parallax_method=&#8220;off&#8220;][et_pb_video src=&#8220;https:\/\/youtu.be\/8FcTgQiIm8o&#8220; \/][\/et_pb_column][\/et_pb_row][et_pb_row admin_label=&#8220;row&#8220; background_position=&#8220;top_left&#8220; background_repeat=&#8220;repeat&#8220; background_size=&#8220;initial&#8220; width=&#8220;80%&#8220; max_width=&#8220;1080px&#8220;][et_pb_column type=&#8220;4_4&#8243; custom_padding__hover=&#8220;|||&#8220; custom_padding=&#8220;|||&#8220; parallax_method=&#8220;off&#8220;][et_pb_gallery admin_label=&#8220;Galerie March 2014, EISENWARENMESSE&#8220; gallery_ids=&#8220;385,379,376,381,382,377,383,378,380,384&#8243; fullwidth=&#8220;off&#8220; show_title_and_caption=&#8220;on&#8220; show_pagination=&#8220;on&#8220; background_layout=&#8220;light&#8220; auto=&#8220;off&#8220; hover_overlay_color=&#8220;rgba(0,0,0,0.45)&#8220; caption_font_size=&#8220;14&#8243; caption_all_caps=&#8220;off&#8220; title_font_size=&#8220;16&#8243; use_border_color=&#8220;off&#8220; border_color=&#8220;#ffffff&#8220; border_style=&#8220;solid&#8220; \/][\/et_pb_column][\/et_pb_row][\/et_pb_section][et_pb_section bb_built=&#8220;1&#8243; admin_label=&#8220;section&#8220; inner_shadow=&#8220;off&#8220; parallax=&#8220;on&#8220; background_color=&#8220;#8d1bf4&#8243; background_image=&#8220;https:\/\/www.designfix.de\/wp-content\/uploads\/2015\/12\/geometic-bkg-blue.jpg&#8220; transparent_background=&#8220;off&#8220; allow_player_pause=&#8220;off&#8220; parallax_method=&#8220;off&#8220; padding_mobile=&#8220;off&#8220; make_fullwidth=&#8220;off&#8220; use_custom_width=&#8220;off&#8220; width_unit=&#8220;on&#8220; make_equal=&#8220;off&#8220; use_custom_gutter=&#8220;off&#8220; custom_padding_tablet=&#8220;50px|0|50px|0&#8243; custom_padding_last_edited=&#8220;on|desktop&#8220; prev_background_color=&#8220;rgba(255,255,255,0)&#8220; inner_width=&#8220;auto&#8220; inner_max_width=&#8220;1080px&#8220;][et_pb_row admin_label=&#8220;row&#8220; background_position=&#8220;top_left&#8220; background_repeat=&#8220;repeat&#8220; background_size=&#8220;initial&#8220; width=&#8220;80%&#8220; max_width=&#8220;1080px&#8220;][et_pb_column type=&#8220;4_4&#8243; custom_padding__hover=&#8220;|||&#8220; custom_padding=&#8220;|||&#8220; parallax_method=&#8220;off&#8220;][et_pb_cta admin_label=&#8220;Call To Action &#8211; Download&#8220; button_url=&#8220;\/de\/download-d\/&#8220; button_text=&#8220;Download&#8220; background_color=&#8220;#2caaca&#8220; use_background_color=&#8220;off&#8220; background_layout=&#8220;dark&#8220; text_orientation=&#8220;left&#8220; url_new_window=&#8220;off&#8220; use_border_color=&#8220;off&#8220; border_color=&#8220;#ffffff&#8220; border_style=&#8220;solid&#8220; custom_button=&#8220;off&#8220; button_letter_spacing=&#8220;0&#8243; button_use_icon=&#8220;default&#8220; button_icon_placement=&#8220;right&#8220; button_on_hover=&#8220;on&#8220; button_letter_spacing_hover=&#8220;0&#8243; title=&#8220;DesignFiX Demoversion&#8220; background_position=&#8220;top_left&#8220; background_repeat=&#8220;repeat&#8220; background_size=&#8220;initial&#8220; button_text_size__hover_enabled=&#8220;off&#8220; button_text_size__hover=&#8220;null&#8220; button_one_text_size__hover_enabled=&#8220;off&#8220; button_one_text_size__hover=&#8220;null&#8220; button_two_text_size__hover_enabled=&#8220;off&#8220; button_two_text_size__hover=&#8220;null&#8220; button_text_color__hover_enabled=&#8220;off&#8220; button_text_color__hover=&#8220;null&#8220; button_one_text_color__hover_enabled=&#8220;off&#8220; button_one_text_color__hover=&#8220;null&#8220; button_two_text_color__hover_enabled=&#8220;off&#8220; button_two_text_color__hover=&#8220;null&#8220; button_border_width__hover_enabled=&#8220;off&#8220; button_border_width__hover=&#8220;null&#8220; button_one_border_width__hover_enabled=&#8220;off&#8220; button_one_border_width__hover=&#8220;null&#8220; button_two_border_width__hover_enabled=&#8220;off&#8220; button_two_border_width__hover=&#8220;null&#8220; button_border_color__hover_enabled=&#8220;off&#8220; button_border_color__hover=&#8220;null&#8220; button_one_border_color__hover_enabled=&#8220;off&#8220; button_one_border_color__hover=&#8220;null&#8220; button_two_border_color__hover_enabled=&#8220;off&#8220; button_two_border_color__hover=&#8220;null&#8220; button_border_radius__hover_enabled=&#8220;off&#8220; button_border_radius__hover=&#8220;null&#8220; button_one_border_radius__hover_enabled=&#8220;off&#8220; button_one_border_radius__hover=&#8220;null&#8220; button_two_border_radius__hover_enabled=&#8220;off&#8220; button_two_border_radius__hover=&#8220;null&#8220; button_letter_spacing__hover_enabled=&#8220;on&#8220; button_letter_spacing__hover=&#8220;0&#8243; button_one_letter_spacing__hover_enabled=&#8220;off&#8220; button_one_letter_spacing__hover=&#8220;null&#8220; button_two_letter_spacing__hover_enabled=&#8220;off&#8220; button_two_letter_spacing__hover=&#8220;null&#8220; button_bg_color__hover_enabled=&#8220;off&#8220; button_bg_color__hover=&#8220;null&#8220; button_one_bg_color__hover_enabled=&#8220;off&#8220; button_one_bg_color__hover=&#8220;null&#8220; button_two_bg_color__hover_enabled=&#8220;off&#8220; button_two_bg_color__hover=&#8220;null&#8220;]<\/p>\n<p>\nLassen Sie sich von der Vielf\u00e4ltigkeit in DesignFiX inspirieren.<br \/>Gerne senden wir Ihnen eine kostenlose Demoversion zu.<\/p>\n<p>[\/et_pb_cta][\/et_pb_column][\/et_pb_row][\/et_pb_section]<\/p>\n","protected":false},"excerpt":{"rendered":"<p>Fastener Fair Stuttgart 2017, Halle 1, Stand 684<\/p>\n","protected":false},"author":1,"featured_media":0,"parent":79,"menu_order":22,"comment_status":"closed","ping_status":"closed","template":"","meta":{"_et_pb_use_builder":"on","_et_pb_old_content":"","_et_gb_content_width":"","jetpack_post_was_ever_published":false,"footnotes":""},"class_list":["post-73","page","type-page","status-publish","hentry"],"yoast_head":"<!-- This site is optimized with the Yoast SEO Premium plugin v27.5 (Yoast SEO v27.5) - https:\/\/yoast.com\/product\/yoast-seo-premium-wordpress\/ -->\n<title>Messe - DesignFiX<\/title>\n<meta name=\"description\" content=\"Fastener Fair Stuttgart 2017, Halle 1, Stand 684\" \/>\n<meta name=\"robots\" content=\"index, follow, max-snippet:-1, max-image-preview:large, max-video-preview:-1\" \/>\n<link rel=\"canonical\" href=\"https:\/\/www.designfix.de\/de\/blogfix\/messe\/\" \/>\n<meta property=\"og:locale\" content=\"de_DE\" \/>\n<meta property=\"og:type\" content=\"article\" \/>\n<meta property=\"og:title\" content=\"Messe\" \/>\n<meta property=\"og:description\" content=\"Fastener Fair Stuttgart 2017, Halle 1, Stand 684\" \/>\n<meta property=\"og:url\" content=\"https:\/\/www.designfix.de\/de\/blogfix\/messe\/\" \/>\n<meta property=\"og:site_name\" content=\"DesignFiX\" \/>\n<meta property=\"article:modified_time\" content=\"2024-10-24T05:40:52+00:00\" \/>\n<meta name=\"twitter:card\" content=\"summary_large_image\" \/>\n<meta name=\"twitter:label1\" content=\"Gesch\u00e4tzte Lesezeit\" \/>\n\t<meta name=\"twitter:data1\" content=\"6\u00a0Minuten\" \/>\n<script type=\"application\/ld+json\" class=\"yoast-schema-graph\">{\"@context\":\"https:\\\/\\\/schema.org\",\"@graph\":[{\"@type\":\"WebPage\",\"@id\":\"https:\\\/\\\/www.designfix.de\\\/de\\\/blogfix\\\/messe\\\/\",\"url\":\"https:\\\/\\\/www.designfix.de\\\/de\\\/blogfix\\\/messe\\\/\",\"name\":\"Messe - DesignFiX\",\"isPartOf\":{\"@id\":\"https:\\\/\\\/www.designfix.de\\\/#website\"},\"datePublished\":\"2015-12-08T17:30:20+00:00\",\"dateModified\":\"2024-10-24T05:40:52+00:00\",\"description\":\"Fastener Fair Stuttgart 2017, Halle 1, Stand 684\",\"breadcrumb\":{\"@id\":\"https:\\\/\\\/www.designfix.de\\\/de\\\/blogfix\\\/messe\\\/#breadcrumb\"},\"inLanguage\":\"de\",\"potentialAction\":[{\"@type\":\"ReadAction\",\"target\":[\"https:\\\/\\\/www.designfix.de\\\/de\\\/blogfix\\\/messe\\\/\"]}]},{\"@type\":\"BreadcrumbList\",\"@id\":\"https:\\\/\\\/www.designfix.de\\\/de\\\/blogfix\\\/messe\\\/#breadcrumb\",\"itemListElement\":[{\"@type\":\"ListItem\",\"position\":1,\"name\":\"Startseite\",\"item\":\"https:\\\/\\\/www.designfix.de\\\/de\\\/\"},{\"@type\":\"ListItem\",\"position\":2,\"name\":\"BlogFiX\",\"item\":\"https:\\\/\\\/www.designfix.de\\\/de\\\/blogfix\\\/\"},{\"@type\":\"ListItem\",\"position\":3,\"name\":\"Messe\"}]},{\"@type\":\"WebSite\",\"@id\":\"https:\\\/\\\/www.designfix.de\\\/#website\",\"url\":\"https:\\\/\\\/www.designfix.de\\\/\",\"name\":\"DesignFiX\",\"description\":\"Anchor design software\",\"publisher\":{\"@id\":\"https:\\\/\\\/www.designfix.de\\\/#organization\"},\"potentialAction\":[{\"@type\":\"SearchAction\",\"target\":{\"@type\":\"EntryPoint\",\"urlTemplate\":\"https:\\\/\\\/www.designfix.de\\\/?s={search_term_string}\"},\"query-input\":{\"@type\":\"PropertyValueSpecification\",\"valueRequired\":true,\"valueName\":\"search_term_string\"}}],\"inLanguage\":\"de\"},{\"@type\":\"Organization\",\"@id\":\"https:\\\/\\\/www.designfix.de\\\/#organization\",\"name\":\"ZiWu-Soft EDV Systeme GmbH\",\"url\":\"https:\\\/\\\/www.designfix.de\\\/\",\"logo\":{\"@type\":\"ImageObject\",\"inLanguage\":\"de\",\"@id\":\"https:\\\/\\\/www.designfix.de\\\/#\\\/schema\\\/logo\\\/image\\\/\",\"url\":\"https:\\\/\\\/www.designfix.de\\\/wp-content\\\/uploads\\\/2016\\\/01\\\/cropped-DesignFiX-SiteIcon.jpg\",\"contentUrl\":\"https:\\\/\\\/www.designfix.de\\\/wp-content\\\/uploads\\\/2016\\\/01\\\/cropped-DesignFiX-SiteIcon.jpg\",\"width\":512,\"height\":512,\"caption\":\"ZiWu-Soft EDV Systeme GmbH\"},\"image\":{\"@id\":\"https:\\\/\\\/www.designfix.de\\\/#\\\/schema\\\/logo\\\/image\\\/\"},\"sameAs\":[\"https:\\\/\\\/www.linkedin.com\\\/company\\\/11433641\\\/\",\"https:\\\/\\\/www.youtube.com\\\/user\\\/DesignFiXVideo\"]}]}<\/script>\n<!-- \/ Yoast SEO Premium plugin. -->","yoast_head_json":{"title":"Messe - DesignFiX","description":"Fastener Fair Stuttgart 2017, Halle 1, Stand 684","robots":{"index":"index","follow":"follow","max-snippet":"max-snippet:-1","max-image-preview":"max-image-preview:large","max-video-preview":"max-video-preview:-1"},"canonical":"https:\/\/www.designfix.de\/de\/blogfix\/messe\/","og_locale":"de_DE","og_type":"article","og_title":"Messe","og_description":"Fastener Fair Stuttgart 2017, Halle 1, Stand 684","og_url":"https:\/\/www.designfix.de\/de\/blogfix\/messe\/","og_site_name":"DesignFiX","article_modified_time":"2024-10-24T05:40:52+00:00","twitter_card":"summary_large_image","twitter_misc":{"Gesch\u00e4tzte Lesezeit":"6\u00a0Minuten"},"schema":{"@context":"https:\/\/schema.org","@graph":[{"@type":"WebPage","@id":"https:\/\/www.designfix.de\/de\/blogfix\/messe\/","url":"https:\/\/www.designfix.de\/de\/blogfix\/messe\/","name":"Messe - DesignFiX","isPartOf":{"@id":"https:\/\/www.designfix.de\/#website"},"datePublished":"2015-12-08T17:30:20+00:00","dateModified":"2024-10-24T05:40:52+00:00","description":"Fastener Fair Stuttgart 2017, Halle 1, Stand 684","breadcrumb":{"@id":"https:\/\/www.designfix.de\/de\/blogfix\/messe\/#breadcrumb"},"inLanguage":"de","potentialAction":[{"@type":"ReadAction","target":["https:\/\/www.designfix.de\/de\/blogfix\/messe\/"]}]},{"@type":"BreadcrumbList","@id":"https:\/\/www.designfix.de\/de\/blogfix\/messe\/#breadcrumb","itemListElement":[{"@type":"ListItem","position":1,"name":"Startseite","item":"https:\/\/www.designfix.de\/de\/"},{"@type":"ListItem","position":2,"name":"BlogFiX","item":"https:\/\/www.designfix.de\/de\/blogfix\/"},{"@type":"ListItem","position":3,"name":"Messe"}]},{"@type":"WebSite","@id":"https:\/\/www.designfix.de\/#website","url":"https:\/\/www.designfix.de\/","name":"DesignFiX","description":"Anchor design software","publisher":{"@id":"https:\/\/www.designfix.de\/#organization"},"potentialAction":[{"@type":"SearchAction","target":{"@type":"EntryPoint","urlTemplate":"https:\/\/www.designfix.de\/?s={search_term_string}"},"query-input":{"@type":"PropertyValueSpecification","valueRequired":true,"valueName":"search_term_string"}}],"inLanguage":"de"},{"@type":"Organization","@id":"https:\/\/www.designfix.de\/#organization","name":"ZiWu-Soft EDV Systeme GmbH","url":"https:\/\/www.designfix.de\/","logo":{"@type":"ImageObject","inLanguage":"de","@id":"https:\/\/www.designfix.de\/#\/schema\/logo\/image\/","url":"https:\/\/www.designfix.de\/wp-content\/uploads\/2016\/01\/cropped-DesignFiX-SiteIcon.jpg","contentUrl":"https:\/\/www.designfix.de\/wp-content\/uploads\/2016\/01\/cropped-DesignFiX-SiteIcon.jpg","width":512,"height":512,"caption":"ZiWu-Soft EDV Systeme GmbH"},"image":{"@id":"https:\/\/www.designfix.de\/#\/schema\/logo\/image\/"},"sameAs":["https:\/\/www.linkedin.com\/company\/11433641\/","https:\/\/www.youtube.com\/user\/DesignFiXVideo"]}]}},"jetpack_sharing_enabled":true,"_links":{"self":[{"href":"https:\/\/www.designfix.de\/de\/wp-json\/wp\/v2\/pages\/73","targetHints":{"allow":["GET"]}}],"collection":[{"href":"https:\/\/www.designfix.de\/de\/wp-json\/wp\/v2\/pages"}],"about":[{"href":"https:\/\/www.designfix.de\/de\/wp-json\/wp\/v2\/types\/page"}],"author":[{"embeddable":true,"href":"https:\/\/www.designfix.de\/de\/wp-json\/wp\/v2\/users\/1"}],"replies":[{"embeddable":true,"href":"https:\/\/www.designfix.de\/de\/wp-json\/wp\/v2\/comments?post=73"}],"version-history":[{"count":11,"href":"https:\/\/www.designfix.de\/de\/wp-json\/wp\/v2\/pages\/73\/revisions"}],"predecessor-version":[{"id":11368,"href":"https:\/\/www.designfix.de\/de\/wp-json\/wp\/v2\/pages\/73\/revisions\/11368"}],"up":[{"embeddable":true,"href":"https:\/\/www.designfix.de\/de\/wp-json\/wp\/v2\/pages\/79"}],"wp:attachment":[{"href":"https:\/\/www.designfix.de\/de\/wp-json\/wp\/v2\/media?parent=73"}],"curies":[{"name":"wp","href":"https:\/\/api.w.org\/{rel}","templated":true}]}}